{"id":202,"date":"2025-06-19T09:18:45","date_gmt":"2025-06-19T09:18:45","guid":{"rendered":"https:\/\/lidkopingutvecklas.se\/?page_id=202"},"modified":"2025-06-19T09:22:31","modified_gmt":"2025-06-19T09:22:31","slug":"attraktiva-bostader-nara-vanerns-strand-och-lidkopings-centrum","status":"publish","type":"page","link":"https:\/\/lidkopingutvecklas.se\/index.php\/attraktiva-bostader-nara-vanerns-strand-och-lidkopings-centrum\/","title":{"rendered":"Attraktiva bost\u00e4der n\u00e4ra V\u00e4nerns strand och Lidk\u00f6pings centrum"},"content":{"rendered":"\t\t<div data-elementor-type=\"wp-page\" data-elementor-id=\"202\" class=\"elementor elementor-202\" data-elementor-post-type=\"page\">\n\t\t\t\t<div class=\"elementor-element elementor-element-3813c5df e-flex e-con-boxed e-con e-parent\" data-id=\"3813c5df\" data-element_type=\"container\" data-e-type=\"container\">\n\t\t\t\t\t<div class=\"e-con-inner\">\n\t\t\t\t<div class=\"elementor-element elementor-element-50ac270a elementor-widget elementor-widget-heading\" data-id=\"50ac270a\" data-element_type=\"widget\" data-e-type=\"widget\" data-widget_type=\"heading.default\">\n\t\t\t\t<div class=\"elementor-widget-container\">\n\t\t\t\t\t<h1 class=\"elementor-heading-title elementor-size-default\">Attraktiva bost\u00e4der n\u00e4ra V\u00e4nerns strand och Lidk\u00f6pings centrum<\/h1>\t\t\t\t<\/div>\n\t\t\t\t<\/div>\n\t\t\t\t<div class=\"elementor-element elementor-element-2c488dc8 elementor-widget elementor-widget-theme-post-featured-image elementor-widget-image\" data-id=\"2c488dc8\" data-element_type=\"widget\" data-e-type=\"widget\" data-widget_type=\"theme-post-featured-image.default\">\n\t\t\t\t<div class=\"elementor-widget-container\">\n\t\t\t\t\t\t\t\t\t\t\t\t<figure class=\"wp-caption\">\n\t\t\t\t\t\t\t\t\t\t<img fetchpriority=\"high\" decoding=\"async\" width=\"2048\" height=\"1365\" src=\"https:\/\/lidkopingutvecklas.se\/wp-content\/uploads\/2025\/06\/framnas-strandpark.webp\" class=\"attachment-full size-full wp-image-72\" alt=\"\" srcset=\"https:\/\/lidkopingutvecklas.se\/wp-content\/uploads\/2025\/06\/framnas-strandpark.webp 2048w, https:\/\/lidkopingutvecklas.se\/wp-content\/uploads\/2025\/06\/framnas-strandpark-300x200.webp 300w, https:\/\/lidkopingutvecklas.se\/wp-content\/uploads\/2025\/06\/framnas-strandpark-1024x683.webp 1024w, https:\/\/lidkopingutvecklas.se\/wp-content\/uploads\/2025\/06\/framnas-strandpark-768x512.webp 768w, https:\/\/lidkopingutvecklas.se\/wp-content\/uploads\/2025\/06\/framnas-strandpark-1536x1024.webp 1536w\" sizes=\"(max-width: 2048px) 100vw, 2048px\" \/>\t\t\t\t\t\t\t\t\t\t\t<figcaption class=\"widget-image-caption wp-caption-text\">De bost\u00e4der som planeras i Framn\u00e4s kommer att f\u00e5 ett fantastiskt l\u00e4ge n\u00e4ra vattnet och \u00e4nd\u00e5 centralt. (Visionsbild: Kaminsky Arkitektur)<\/figcaption>\n\t\t\t\t\t\t\t\t\t\t<\/figure>\n\t\t\t\t\t\t\t\t\t<\/div>\n\t\t\t\t<\/div>\n\t\t\t\t\t<\/div>\n\t\t\t\t<\/div>\n\t\t<div class=\"elementor-element elementor-element-ef2fa40 e-flex e-con-boxed e-con e-parent\" data-id=\"ef2fa40\" data-element_type=\"container\" data-e-type=\"container\">\n\t\t\t\t\t<div class=\"e-con-inner\">\n\t\t\t\t<div class=\"elementor-element elementor-element-3f6b6545 elementor-widget elementor-widget-text-editor\" data-id=\"3f6b6545\" data-element_type=\"widget\" data-e-type=\"widget\" data-widget_type=\"text-editor.default\">\n\t\t\t\t<div class=\"elementor-widget-container\">\n\t\t\t\t\t\t\t\t\t<p>I anslutning till Framn\u00e4s strandpark, cirka 150 meter fr\u00e5n vattnet, planeras ett av V\u00e4stsveriges mest attraktiva bostadsbyggen med fantastisk sj\u00f6utsikt och n\u00e4ra till stadsk\u00e4rnan.<\/p>\t\t\t\t\t\t\t\t<\/div>\n\t\t\t\t<\/div>\n\t\t\t\t<div class=\"elementor-element elementor-element-731a0bc4 elementor-widget elementor-widget-text-editor\" data-id=\"731a0bc4\" data-element_type=\"widget\" data-e-type=\"widget\" data-widget_type=\"text-editor.default\">\n\t\t\t\t<div class=\"elementor-widget-container\">\n\t\t\t\t\t\t\t\t\t<p class=\"p1\">Ja det blir ett mycket attraktivt bostadsl\u00e4ge, s\u00e4ger planarkitekt Erik Hallberg p\u00e5 Lidk\u00f6pings kommun, som arbetat med bostadsplanerna i \u00f6ver tre \u00e5r. Bost\u00e4derna kan tillsammans med Strandparken bli Lidk\u00f6pings ansikte mot vattnet.<\/p><p class=\"p4\"><b><i>Hur m\u00e5nga bost\u00e4der planeras?<br \/><\/i><\/b>\u2013 Cirka 450, ber\u00e4ttar Erik Hallberg. Men det \u00e4r sv\u00e5rt att s\u00e4ga exakt. \u00c4nnu \u00e5terst\u00e5r en hel del utmaningar att ta h\u00e4nsyn till, som h\u00e5llbarhet, strandskydd och s\u00e4kerhet kopplad till V\u00e4nerns stigande vattenniv\u00e5er.<\/p><p class=\"p5\">\u2013 Unikt med den nya stadsdelen \u00e4r att vi b\u00f6rjat planeringen i r\u00e4tt \u00e4nde, s\u00e4ger Erik Hallberg. Ofta b\u00f6rjar man bygga bost\u00e4derna och sedan tar man i itu med omgivningen. H\u00e4r har kommunen gjort tv\u00e4rtom och lagt mycket pengar och resurser p\u00e5 omgivningen, i det h\u00e4r fallet Strandparken. D\u00e4refter kommer bostadsbyggandet in och kan sk\u00f6rda frukterna av att omr\u00e5det redan \u00e4r v\u00e4lk\u00e4nt och attraktivt.<\/p><p class=\"p5\">F\u00f6rutom l\u00e4get vid Strandparken med natur och friluftsliv \u00e4r det n\u00e4ra till stadsk\u00e4rnan med kollektivtrafik, service, arbetsplatser, handel och kulturliv.<\/p>\t\t\t\t\t\t\t\t<\/div>\n\t\t\t\t<\/div>\n\t\t\t\t<div class=\"elementor-element elementor-element-1c7763a3 elementor-widget elementor-widget-image\" data-id=\"1c7763a3\" data-element_type=\"widget\" data-e-type=\"widget\" data-widget_type=\"image.default\">\n\t\t\t\t<div class=\"elementor-widget-container\">\n\t\t\t\t\t\t\t\t\t\t\t\t<figure class=\"wp-caption\">\n\t\t\t\t\t\t\t\t\t\t<img decoding=\"async\" width=\"2048\" height=\"1365\" src=\"https:\/\/lidkopingutvecklas.se\/wp-content\/uploads\/2025\/06\/johan-och-erik.webp\" class=\"attachment-full size-full wp-image-76\" alt=\"\" srcset=\"https:\/\/lidkopingutvecklas.se\/wp-content\/uploads\/2025\/06\/johan-och-erik.webp 2048w, https:\/\/lidkopingutvecklas.se\/wp-content\/uploads\/2025\/06\/johan-och-erik-300x200.webp 300w, https:\/\/lidkopingutvecklas.se\/wp-content\/uploads\/2025\/06\/johan-och-erik-1024x683.webp 1024w, https:\/\/lidkopingutvecklas.se\/wp-content\/uploads\/2025\/06\/johan-och-erik-768x512.webp 768w, https:\/\/lidkopingutvecklas.se\/wp-content\/uploads\/2025\/06\/johan-och-erik-1536x1024.webp 1536w\" sizes=\"(max-width: 2048px) 100vw, 2048px\" \/>\t\t\t\t\t\t\t\t\t\t\t<figcaption class=\"widget-image-caption wp-caption-text\">Tv\u00e5 som arbetar med bostadsprojektet \u00e4r exploateringsingenj\u00f6ren Johan Gustafsson och planarkitekten Erik Hallberg.<\/figcaption>\n\t\t\t\t\t\t\t\t\t\t<\/figure>\n\t\t\t\t\t\t\t\t\t<\/div>\n\t\t\t\t<\/div>\n\t\t\t\t<div class=\"elementor-element elementor-element-69e15eea elementor-widget elementor-widget-text-editor\" data-id=\"69e15eea\" data-element_type=\"widget\" data-e-type=\"widget\" data-widget_type=\"text-editor.default\">\n\t\t\t\t<div class=\"elementor-widget-container\">\n\t\t\t\t\t\t\t\t\t<p class=\"p1\"><b><i>Hur ser omr\u00e5det som ska bebyggas ut i dag?<br \/><\/i><\/b><span class=\"s1\">\u2013 H\u00e4r har folkr\u00f6relsen och idrotts\u00adr\u00f6relsen traditionsenligt h\u00e5llit till med Folkets park och idrottsanl\u00e4ggning. De ytor som f\u00f6resl\u00e5s f\u00f6r bostadsbyggande \u00e4r fr\u00e4mst en stor parkering och fotbollsplaner. I omr\u00e5det finns \u00e4ven ett utomhusbad som \u00e4r n\u00e4stan hundra \u00e5r gammalt och i d\u00e5ligt skick. Nu planeras en ny badanl\u00e4ggning 300 meter \u00f6ster om bostadsomr\u00e5det.<\/span><\/p><p class=\"p1\"><b><i>Hur ligger bost\u00e4derna i tiden?<br \/><\/i><\/b>\u2013 N\u00e4r det g\u00e4ller detaljplanen s\u00e5 g\u00e5r den f\u00f6rhoppningsvis ut p\u00e5 granskning nu i sommar. Om det landar bra s\u00e5 \u00e4r det inte l\u00e5ngt kvar till ett s\u00e5 kallat antagande. Sedan kommer det an p\u00e5 marknaden, allts\u00e5 de som ska bygga. En rimlig m\u00e5ls\u00e4ttning \u00e4r att f\u00f6rberedelser kan s\u00e4ttas ig\u00e5ng n\u00e4sta \u00e5r. Ambitionen \u00e4r att bost\u00e4derna ska ha olika uppl\u00e5telseformer, bostadsr\u00e4tter, hyresr\u00e4tter och \u00e4ven radhus som \u00e4gander\u00e4tter, s\u00e4ger Erik Hallberg.<\/p>\t\t\t\t\t\t\t\t<\/div>\n\t\t\t\t<\/div>\n\t\t\t\t<div class=\"elementor-element elementor-element-695ae300 elementor-widget elementor-widget-text-editor\" data-id=\"695ae300\" data-element_type=\"widget\" data-e-type=\"widget\" data-widget_type=\"text-editor.default\">\n\t\t\t\t<div class=\"elementor-widget-container\">\n\t\t\t\t\t\t\t\t\t<p>Text: Anders Post<br \/>Foto: Rosie Alm<\/p>\t\t\t\t\t\t\t\t<\/div>\n\t\t\t\t<\/div>\n\t\t\t\t\t<\/div>\n\t\t\t\t<\/div>\n\t\t<div class=\"elementor-element elementor-element-403cb717 e-flex e-con-boxed e-con e-parent\" data-id=\"403cb717\" data-element_type=\"container\" data-e-type=\"container\">\n\t\t\t\t\t<div class=\"e-con-inner\">\n\t\t\t\t<div class=\"elementor-element elementor-element-63698f20 elementor-widget elementor-widget-heading\" data-id=\"63698f20\" data-element_type=\"widget\" data-e-type=\"widget\" data-widget_type=\"heading.default\">\n\t\t\t\t<div class=\"elementor-widget-container\">\n\t\t\t\t\t<h3 class=\"elementor-heading-title elementor-size-default\">Dela artikeln<\/h3>\t\t\t\t<\/div>\n\t\t\t\t<\/div>\n\t\t\t\t<div class=\"elementor-element elementor-element-5ba9100f elementor-share-buttons--view-icon elementor-share-buttons--skin-minimal elementor-share-buttons--shape-circle elementor-share-buttons--color-custom elementor-grid-0 elementor-widget elementor-widget-share-buttons\" data-id=\"5ba9100f\" data-element_type=\"widget\" data-e-type=\"widget\" data-widget_type=\"share-buttons.default\">\n\t\t\t\t<div class=\"elementor-widget-container\">\n\t\t\t\t\t\t\t<div class=\"elementor-grid\" role=\"list\">\n\t\t\t\t\t\t\t\t<div class=\"elementor-grid-item\" role=\"listitem\">\n\t\t\t\t\t\t<div class=\"elementor-share-btn elementor-share-btn_email\" role=\"button\" tabindex=\"0\" aria-label=\"Dela p\u00e5 email\">\n\t\t\t\t\t\t\t\t\t\t\t\t\t\t\t<span class=\"elementor-share-btn__icon\">\n\t\t\t\t\t\t\t\t<svg aria-hidden=\"true\" class=\"e-font-icon-svg e-fas-envelope\" viewBox=\"0 0 512 512\" xmlns=\"http:\/\/www.w3.org\/2000\/svg\"><path d=\"M502.3 190.8c3.9-3.1 9.7-.2 9.7 4.7V400c0 26.5-21.5 48-48 48H48c-26.5 0-48-21.5-48-48V195.6c0-5 5.7-7.8 9.7-4.7 22.4 17.4 52.1 39.5 154.1 113.6 21.1 15.4 56.7 47.8 92.2 47.6 35.7.3 72-32.8 92.3-47.6 102-74.1 131.6-96.3 154-113.7zM256 320c23.2.4 56.6-29.2 73.4-41.4 132.7-96.3 142.8-104.7 173.4-128.7 5.8-4.5 9.2-11.5 9.2-18.9v-19c0-26.5-21.5-48-48-48H48C21.5 64 0 85.5 0 112v19c0 7.4 3.4 14.3 9.2 18.9 30.6 23.9 40.7 32.4 173.4 128.7 16.8 12.2 50.2 41.8 73.4 41.4z\"><\/path><\/svg>\t\t\t\t\t\t\t<\/span>\n\t\t\t\t\t\t\t\t\t\t\t\t\t\t\t\t\t\t\t\t<\/div>\n\t\t\t\t\t<\/div>\n\t\t\t\t\t\t\t\t\t<div class=\"elementor-grid-item\" role=\"listitem\">\n\t\t\t\t\t\t<div class=\"elementor-share-btn elementor-share-btn_facebook\" role=\"button\" tabindex=\"0\" aria-label=\"Dela p\u00e5 facebook\">\n\t\t\t\t\t\t\t\t\t\t\t\t\t\t\t<span class=\"elementor-share-btn__icon\">\n\t\t\t\t\t\t\t\t<svg aria-hidden=\"true\" class=\"e-font-icon-svg e-fab-facebook\" viewBox=\"0 0 512 512\" xmlns=\"http:\/\/www.w3.org\/2000\/svg\"><path d=\"M504 256C504 119 393 8 256 8S8 119 8 256c0 123.78 90.69 226.38 209.25 245V327.69h-63V256h63v-54.64c0-62.15 37-96.48 93.67-96.48 27.14 0 55.52 4.84 55.52 4.84v61h-31.28c-30.8 0-40.41 19.12-40.41 38.73V256h68.78l-11 71.69h-57.78V501C413.31 482.38 504 379.78 504 256z\"><\/path><\/svg>\t\t\t\t\t\t\t<\/span>\n\t\t\t\t\t\t\t\t\t\t\t\t\t\t\t\t\t\t\t\t<\/div>\n\t\t\t\t\t<\/div>\n\t\t\t\t\t\t\t\t\t<div class=\"elementor-grid-item\" role=\"listitem\">\n\t\t\t\t\t\t<div class=\"elementor-share-btn elementor-share-btn_x-twitter\" role=\"button\" tabindex=\"0\" aria-label=\"Dela p\u00e5 x-twitter\">\n\t\t\t\t\t\t\t\t\t\t\t\t\t\t\t<span class=\"elementor-share-btn__icon\">\n\t\t\t\t\t\t\t\t<svg aria-hidden=\"true\" class=\"e-font-icon-svg e-fab-x-twitter\" viewBox=\"0 0 512 512\" xmlns=\"http:\/\/www.w3.org\/2000\/svg\"><path d=\"M389.2 48h70.6L305.6 224.2 487 464H345L233.7 318.6 106.5 464H35.8L200.7 275.5 26.8 48H172.4L272.9 180.9 389.2 48zM364.4 421.8h39.1L151.1 88h-42L364.4 421.8z\"><\/path><\/svg>\t\t\t\t\t\t\t<\/span>\n\t\t\t\t\t\t\t\t\t\t\t\t\t\t\t\t\t\t\t\t<\/div>\n\t\t\t\t\t<\/div>\n\t\t\t\t\t\t\t\t\t<div class=\"elementor-grid-item\" role=\"listitem\">\n\t\t\t\t\t\t<div class=\"elementor-share-btn elementor-share-btn_linkedin\" role=\"button\" tabindex=\"0\" aria-label=\"Dela p\u00e5 linkedin\">\n\t\t\t\t\t\t\t\t\t\t\t\t\t\t\t<span class=\"elementor-share-btn__icon\">\n\t\t\t\t\t\t\t\t<svg aria-hidden=\"true\" class=\"e-font-icon-svg e-fab-linkedin\" viewBox=\"0 0 448 512\" xmlns=\"http:\/\/www.w3.org\/2000\/svg\"><path d=\"M416 32H31.9C14.3 32 0 46.5 0 64.3v383.4C0 465.5 14.3 480 31.9 480H416c17.6 0 32-14.5 32-32.3V64.3c0-17.8-14.4-32.3-32-32.3zM135.4 416H69V202.2h66.5V416zm-33.2-243c-21.3 0-38.5-17.3-38.5-38.5S80.9 96 102.2 96c21.2 0 38.5 17.3 38.5 38.5 0 21.3-17.2 38.5-38.5 38.5zm282.1 243h-66.4V312c0-24.8-.5-56.7-34.5-56.7-34.6 0-39.9 27-39.9 54.9V416h-66.4V202.2h63.7v29.2h.9c8.9-16.8 30.6-34.5 62.9-34.5 67.2 0 79.7 44.3 79.7 101.9V416z\"><\/path><\/svg>\t\t\t\t\t\t\t<\/span>\n\t\t\t\t\t\t\t\t\t\t\t\t\t\t\t\t\t\t\t\t<\/div>\n\t\t\t\t\t<\/div>\n\t\t\t\t\t\t<\/div>\n\t\t\t\t\t\t<\/div>\n\t\t\t\t<\/div>\n\t\t\t\t\t<\/div>\n\t\t\t\t<\/div>\n\t\t\t\t<\/div>\n\t\t","protected":false},"excerpt":{"rendered":"<p>Attraktiva bost\u00e4der n\u00e4ra V\u00e4nerns strand och Lidk\u00f6pings centrum I anslutning till Framn\u00e4s strandpark, cirka 150 meter fr\u00e5n vattnet, planeras ett av V\u00e4stsveriges mest attraktiva bostadsbyggen med fantastisk sj\u00f6utsikt och n\u00e4ra till stadsk\u00e4rnan. Ja det blir ett mycket attraktivt bostadsl\u00e4ge, s\u00e4ger planarkitekt Erik Hallberg p\u00e5 Lidk\u00f6pings kommun, som arbetat med bostadsplanerna i \u00f6ver tre \u00e5r. Bost\u00e4derna [&hellip;]<\/p>\n","protected":false},"author":2,"featured_media":72,"parent":0,"menu_order":0,"comment_status":"closed","ping_status":"closed","template":"elementor_theme","meta":{"footnotes":""},"class_list":["post-202","page","type-page","status-publish","has-post-thumbnail","hentry"],"_links":{"self":[{"href":"https:\/\/lidkopingutvecklas.se\/index.php\/wp-json\/wp\/v2\/pages\/202","targetHints":{"allow":["GET"]}}],"collection":[{"href":"https:\/\/lidkopingutvecklas.se\/index.php\/wp-json\/wp\/v2\/pages"}],"about":[{"href":"https:\/\/lidkopingutvecklas.se\/index.php\/wp-json\/wp\/v2\/types\/page"}],"author":[{"embeddable":true,"href":"https:\/\/lidkopingutvecklas.se\/index.php\/wp-json\/wp\/v2\/users\/2"}],"replies":[{"embeddable":true,"href":"https:\/\/lidkopingutvecklas.se\/index.php\/wp-json\/wp\/v2\/comments?post=202"}],"version-history":[{"count":4,"href":"https:\/\/lidkopingutvecklas.se\/index.php\/wp-json\/wp\/v2\/pages\/202\/revisions"}],"predecessor-version":[{"id":207,"href":"https:\/\/lidkopingutvecklas.se\/index.php\/wp-json\/wp\/v2\/pages\/202\/revisions\/207"}],"wp:featuredmedia":[{"embeddable":true,"href":"https:\/\/lidkopingutvecklas.se\/index.php\/wp-json\/wp\/v2\/media\/72"}],"wp:attachment":[{"href":"https:\/\/lidkopingutvecklas.se\/index.php\/wp-json\/wp\/v2\/media?parent=202"}],"curies":[{"name":"wp","href":"https:\/\/api.w.org\/{rel}","templated":true}]}}